{"id":12707,"date":"2021-11-18T16:21:03","date_gmt":"2021-11-18T16:21:03","guid":{"rendered":"https:\/\/www.bulaoutdoor.nl\/?post_type=product&#038;p=12707"},"modified":"2025-05-19T13:52:53","modified_gmt":"2025-05-19T13:52:53","slug":"porta-chef-320","status":"publish","type":"product","link":"https:\/\/bulaoutdoor.nl\/fr\/product\/porta-chef-320\/","title":{"rendered":"Porta-Chef 320"},"content":{"rendered":"<p>Le Porta-Chef est id\u00e9al pour emmener votre Broil King au camping ou au parc, par exemple. Le Porta-Chef peut \u00eatre rapidement install\u00e9 \u00e0 n'importe quel endroit \u00e0 l'aide des quatre pieds (inclus).<\/p>\n<p><img loading=\"lazy\" decoding=\"async\" class=\"alignnone wp-image-12748\" src=\"https:\/\/www.bulaoutdoor.nl\/wp-content\/uploads\/2021\/11\/porta-poten-en-dragen-300x140.jpg\" alt=\"\" width=\"537\" height=\"250\" srcset=\"https:\/\/bulaoutdoor.nl\/wp-content\/uploads\/2021\/11\/porta-poten-en-dragen-300x140.jpg 300w, https:\/\/bulaoutdoor.nl\/wp-content\/uploads\/2021\/11\/porta-poten-en-dragen.jpg 383w\" sizes=\"auto, (max-width: 537px) 100vw, 537px\" \/>En option, le barbecue peut \u00eatre plac\u00e9 sur <a href=\"https:\/\/bulaoutdoor.nl\/fr\/produit\/chariot-porta-chef-320\/\">un chariot<\/a>(excl.), pour le jardinage domestique, par exemple.<a href=\"https:\/\/bulaoutdoor.nl\/fr\/produit\/chariot-porta-chef-320\/\"><img loading=\"lazy\" decoding=\"async\" class=\"alignnone wp-image-12749\" src=\"https:\/\/www.bulaoutdoor.nl\/wp-content\/uploads\/2021\/11\/rolwagen-voorbeeld-porta-320-300x140.jpg\" alt=\"\" width=\"632\" height=\"295\" srcset=\"https:\/\/bulaoutdoor.nl\/wp-content\/uploads\/2021\/11\/rolwagen-voorbeeld-porta-320-300x140.jpg 300w, https:\/\/bulaoutdoor.nl\/wp-content\/uploads\/2021\/11\/rolwagen-voorbeeld-porta-320.jpg 383w\" sizes=\"auto, (max-width: 632px) 100vw, 632px\" \/><\/a><\/p>\n<p>Vous b\u00e9n\u00e9ficiez ainsi de la qualit\u00e9 et du go\u00fbt bien connus de Broil King \u00e0 la maison, ainsi qu'\u00e0 l'ext\u00e9rieur.<\/p>\n<ul>\n<li>Surface de r\u00f4tissage de 53 x 33 cm dans un four avec grilles de r\u00f4tissage en fonte.<img loading=\"lazy\" decoding=\"async\" class=\"alignnone wp-image-12742\" src=\"https:\/\/www.bulaoutdoor.nl\/wp-content\/uploads\/2021\/11\/rooster-gem-en-porta-300x147.jpg\" alt=\"\" width=\"598\" height=\"293\" srcset=\"https:\/\/bulaoutdoor.nl\/wp-content\/uploads\/2021\/11\/rooster-gem-en-porta-300x147.jpg 300w, https:\/\/bulaoutdoor.nl\/wp-content\/uploads\/2021\/11\/rooster-gem-en-porta-416x204.jpg 416w, https:\/\/bulaoutdoor.nl\/wp-content\/uploads\/2021\/11\/rooster-gem-en-porta.jpg 692w\" sizes=\"auto, (max-width: 598px) 100vw, 598px\" \/><\/li>\n<li>Br\u00fbleurs principaux (3) 5,25 kW.<img loading=\"lazy\" decoding=\"async\" class=\"alignnone wp-image-12743\" src=\"https:\/\/www.bulaoutdoor.nl\/wp-content\/uploads\/2021\/11\/buis-en-warmte-300x105.jpg\" alt=\"\" width=\"566\" height=\"198\" srcset=\"https:\/\/bulaoutdoor.nl\/wp-content\/uploads\/2021\/11\/buis-en-warmte-300x105.jpg 300w, https:\/\/bulaoutdoor.nl\/wp-content\/uploads\/2021\/11\/buis-en-warmte-416x146.jpg 416w, https:\/\/bulaoutdoor.nl\/wp-content\/uploads\/2021\/11\/buis-en-warmte.jpg 594w\" sizes=\"auto, (max-width: 566px) 100vw, 566px\" \/><\/li>\n<li>Cuvette de barbecue en aluminium moul\u00e9 Therma-Cast avec couvercle pour une excellente r\u00e9tention de la chaleur.<img loading=\"lazy\" decoding=\"async\" class=\"alignnone wp-image-12741\" src=\"https:\/\/www.bulaoutdoor.nl\/wp-content\/uploads\/2021\/11\/gem-oven-flavr-300x98.jpg\" alt=\"\" width=\"609\" height=\"199\" srcset=\"https:\/\/bulaoutdoor.nl\/wp-content\/uploads\/2021\/11\/gem-oven-flavr-300x98.jpg 300w, https:\/\/bulaoutdoor.nl\/wp-content\/uploads\/2021\/11\/gem-oven-flavr-416x137.jpg 416w, https:\/\/bulaoutdoor.nl\/wp-content\/uploads\/2021\/11\/gem-oven-flavr.jpg 594w\" sizes=\"auto, (max-width: 609px) 100vw, 609px\" \/><\/li>\n<li>Robinets \u00e0 gaz r\u00e9glables en continu et thermom\u00e8tre int\u00e9gr\u00e9.<\/li>\n<li>Tables d'appoint pliables en plastique pour un gain de place suppl\u00e9mentaire et pieds robustes \u00e0 embo\u00eeter.<img loading=\"lazy\" decoding=\"async\" class=\"alignnone wp-image-12751\" src=\"https:\/\/www.bulaoutdoor.nl\/wp-content\/uploads\/2021\/11\/poten-en-dragen-300x98.jpg\" alt=\"\" width=\"652\" height=\"213\" srcset=\"https:\/\/bulaoutdoor.nl\/wp-content\/uploads\/2021\/11\/poten-en-dragen-300x98.jpg 300w, https:\/\/bulaoutdoor.nl\/wp-content\/uploads\/2021\/11\/poten-en-dragen-768x251.jpg 768w, https:\/\/bulaoutdoor.nl\/wp-content\/uploads\/2021\/11\/poten-en-dragen-416x136.jpg 416w, https:\/\/bulaoutdoor.nl\/wp-content\/uploads\/2021\/11\/poten-en-dragen.jpg 913w\" sizes=\"auto, (max-width: 652px) 100vw, 652px\" \/><\/li>\n<li>Dimensions totales du barbecue sur pieds : 109 x 52 x 93 cm.<\/li>\n<\/ul>\n<p>Broil King utilise diff\u00e9rentes techniques pour obtenir cette d\u00e9licieuse saveur de barbecue. Pour en savoir plus sur les caract\u00e9ristiques du barbecue \"Porta-Chef\" de Broil King, cliquez ci-dessous.<\/p>\n<h4>Grilles de cuisson<\/h4>\n<p>Les grilles de cuisson en fonte sont sp\u00e9cialement con\u00e7ues pour conserver la chaleur. Les grilles ont deux c\u00f4t\u00e9s diff\u00e9rents. L'une d'elles est tranchante, ce qui permet de saisir de belles marques de steakhouse. L'autre c\u00f4t\u00e9 de la grille est rainur\u00e9, ce qui permet de griller la viande dans son propre jus. Ces grilles sont faciles \u00e0 nettoyer et ont un excellent pouvoir de saisie.<img loading=\"lazy\" decoding=\"async\" class=\"wp-image-12355 aligncenter\" src=\"https:\/\/www.bulaoutdoor.nl\/wp-content\/uploads\/2021\/09\/roosters2-300x227.jpg\" alt=\"\" width=\"430\" height=\"325\" srcset=\"https:\/\/bulaoutdoor.nl\/wp-content\/uploads\/2021\/09\/roosters2-300x227.jpg 300w, https:\/\/bulaoutdoor.nl\/wp-content\/uploads\/2021\/09\/roosters2-416x315.jpg 416w, https:\/\/bulaoutdoor.nl\/wp-content\/uploads\/2021\/09\/roosters2.jpg 500w\" sizes=\"auto, (max-width: 430px) 100vw, 430px\" \/><\/p>\n<h4>Flav-r-wave<\/h4>\n<p>Le syst\u00e8me de cuisson Flav-r-wave\u2122 est con\u00e7u pour capturer et \u00e9vaporer imm\u00e9diatement les jus de viande qui tombent \u00e0 travers la grille. C'est gr\u00e2ce \u00e0 cette technique que la saveur unique du barbecue est cr\u00e9\u00e9e.<\/p>\n<p><img loading=\"lazy\" decoding=\"async\" class=\"size-medium wp-image-12353 aligncenter\" src=\"https:\/\/www.bulaoutdoor.nl\/wp-content\/uploads\/2021\/09\/flavrwave-300x300.jpg\" alt=\"\" width=\"300\" height=\"300\" srcset=\"https:\/\/bulaoutdoor.nl\/wp-content\/uploads\/2021\/09\/flavrwave-300x300.jpg 300w, https:\/\/bulaoutdoor.nl\/wp-content\/uploads\/2021\/09\/flavrwave-150x150.jpg 150w, https:\/\/bulaoutdoor.nl\/wp-content\/uploads\/2021\/09\/flavrwave-324x324.jpg 324w, https:\/\/bulaoutdoor.nl\/wp-content\/uploads\/2021\/09\/flavrwave-100x100.jpg 100w, https:\/\/bulaoutdoor.nl\/wp-content\/uploads\/2021\/09\/flavrwave.jpg 337w\" sizes=\"auto, (max-width: 300px) 100vw, 300px\" \/><\/p>\n<h4><\/h4>\n<h4>Une temp\u00e9rature parfaite<\/h4>\n<p>Les robinets \u00e0 gaz Linear-Flow\u2122 sont con\u00e7us pour permettre un contr\u00f4le infini de la temp\u00e9rature. Gr\u00e2ce \u00e0 cette technique, vous pouvez saisir des steaks \u00e0 haute temp\u00e9rature ou faire cuire lentement des plats \u00e0 basse temp\u00e9rature. La temp\u00e9rature \u00e0 l'int\u00e9rieur du barbecue est facile \u00e0 lire sur le thermom\u00e8tre int\u00e9gr\u00e9.<\/p>\n<h4>Garantie<\/h4>\n<p><img loading=\"lazy\" decoding=\"async\" class=\"alignnone wp-image-12744\" src=\"https:\/\/www.bulaoutdoor.nl\/wp-content\/uploads\/2021\/11\/garantie-gem-bk-porta-300x161.jpg\" alt=\"\" width=\"487\" height=\"261\" srcset=\"https:\/\/bulaoutdoor.nl\/wp-content\/uploads\/2021\/11\/garantie-gem-bk-porta-300x161.jpg 300w, https:\/\/bulaoutdoor.nl\/wp-content\/uploads\/2021\/11\/garantie-gem-bk-porta-416x223.jpg 416w, https:\/\/bulaoutdoor.nl\/wp-content\/uploads\/2021\/11\/garantie-gem-bk-porta.jpg 486w\" sizes=\"auto, (max-width: 487px) 100vw, 487px\" \/><\/p>\n<p>Commandez d\u00e8s maintenant le Porta-Chef 320 chez Bula outdoor, votre sp\u00e9cialiste en mati\u00e8re de bbq !<\/p>","protected":false},"excerpt":{"rendered":"<p>Le Porta-Chef compact de Broil King est id\u00e9al pour emporter votre Broil King au camping ou au parc, par exemple.<\/p>","protected":false},"featured_media":12708,"comment_status":"open","ping_status":"closed","template":"","meta":{"_acf_changed":false},"product_brand":[],"product_cat":[785],"product_tag":[865,864,866],"class_list":{"0":"post-12707","1":"product","2":"type-product","3":"status-publish","4":"has-post-thumbnail","6":"product_cat-porta-chef-compact","7":"product_tag-broil-king-barbecue-porta-chef-320","8":"product_tag-broil-king-bbq-370952653","9":"product_tag-draagbare-bbq-porta-chef-320-op-poten","11":"first","12":"instock","13":"taxable","14":"shipping-taxable","15":"purchasable","16":"product-type-variable","17":"has-default-attributes"},"acf":[],"yoast_head":"<!-- This site is optimized with the Yoast SEO plugin v27.4 - https:\/\/yoast.com\/product\/yoast-seo-wordpress\/ -->\n<title>Porta-Chef 320 &#8211; Bula Outdoor<\/title>\n<meta name=\"robots\" content=\"index, follow, max-snippet:-1, max-image-preview:large, max-video-preview:-1\" \/>\n<link rel=\"canonical\" href=\"https:\/\/bulaoutdoor.nl\/fr\/produit\/porta-chef-320\/\" \/>\n<meta property=\"og:locale\" content=\"fr_FR\" \/>\n<meta property=\"og:type\" content=\"article\" \/>\n<meta property=\"og:title\" content=\"Porta-Chef 320 &#8211; Bula Outdoor\" \/>\n<meta property=\"og:description\" content=\"De compacte Porta-Chef van Broil King is ideaal om je Broil King bijvoorbeeld mee te nemen naar de camping of het park.\" \/>\n<meta property=\"og:url\" content=\"https:\/\/bulaoutdoor.nl\/fr\/produit\/porta-chef-320\/\" \/>\n<meta property=\"og:site_name\" content=\"Bula Outdoor\" \/>\n<meta property=\"article:modified_time\" content=\"2025-05-19T13:52:53+00:00\" \/>\n<meta property=\"og:image\" content=\"https:\/\/bulaoutdoor.nl\/wp-content\/uploads\/2021\/11\/BK_Porta-Chef-320_Front_01.png\" \/>\n\t<meta property=\"og:image:width\" content=\"842\" \/>\n\t<meta property=\"og:image:height\" content=\"842\" \/>\n\t<meta property=\"og:image:type\" content=\"image\/png\" \/>\n<meta name=\"twitter:card\" content=\"summary_large_image\" \/>\n<meta name=\"twitter:label1\" content=\"Dur\u00e9e de lecture estim\u00e9e\" \/>\n\t<meta name=\"twitter:data1\" content=\"4 minutes\" \/>\n<script type=\"application\/ld+json\" class=\"yoast-schema-graph\">{\"@context\":\"https:\\\/\\\/schema.org\",\"@graph\":[{\"@type\":\"WebPage\",\"@id\":\"https:\\\/\\\/bulaoutdoor.nl\\\/product\\\/porta-chef-320\\\/\",\"url\":\"https:\\\/\\\/bulaoutdoor.nl\\\/product\\\/porta-chef-320\\\/\",\"name\":\"Porta-Chef 320 &#8211; Bula Outdoor\",\"isPartOf\":{\"@id\":\"https:\\\/\\\/bulaoutdoor.nl\\\/#website\"},\"primaryImageOfPage\":{\"@id\":\"https:\\\/\\\/bulaoutdoor.nl\\\/product\\\/porta-chef-320\\\/#primaryimage\"},\"image\":{\"@id\":\"https:\\\/\\\/bulaoutdoor.nl\\\/product\\\/porta-chef-320\\\/#primaryimage\"},\"thumbnailUrl\":\"https:\\\/\\\/bulaoutdoor.nl\\\/wp-content\\\/uploads\\\/2021\\\/11\\\/BK_Porta-Chef-320_Front_01.png\",\"datePublished\":\"2021-11-18T16:21:03+00:00\",\"dateModified\":\"2025-05-19T13:52:53+00:00\",\"breadcrumb\":{\"@id\":\"https:\\\/\\\/bulaoutdoor.nl\\\/product\\\/porta-chef-320\\\/#breadcrumb\"},\"inLanguage\":\"fr-FR\",\"potentialAction\":[{\"@type\":\"ReadAction\",\"target\":[\"https:\\\/\\\/bulaoutdoor.nl\\\/product\\\/porta-chef-320\\\/\"]}]},{\"@type\":\"ImageObject\",\"inLanguage\":\"fr-FR\",\"@id\":\"https:\\\/\\\/bulaoutdoor.nl\\\/product\\\/porta-chef-320\\\/#primaryimage\",\"url\":\"https:\\\/\\\/bulaoutdoor.nl\\\/wp-content\\\/uploads\\\/2021\\\/11\\\/BK_Porta-Chef-320_Front_01.png\",\"contentUrl\":\"https:\\\/\\\/bulaoutdoor.nl\\\/wp-content\\\/uploads\\\/2021\\\/11\\\/BK_Porta-Chef-320_Front_01.png\",\"width\":842,\"height\":842,\"caption\":\"product zelf\"},{\"@type\":\"BreadcrumbList\",\"@id\":\"https:\\\/\\\/bulaoutdoor.nl\\\/product\\\/porta-chef-320\\\/#breadcrumb\",\"itemListElement\":[{\"@type\":\"ListItem\",\"position\":1,\"name\":\"Home\",\"item\":\"https:\\\/\\\/bulaoutdoor.nl\\\/\"},{\"@type\":\"ListItem\",\"position\":2,\"name\":\"Online BBQ kopen\",\"item\":\"https:\\\/\\\/bulaoutdoor.nl\\\/\"},{\"@type\":\"ListItem\",\"position\":3,\"name\":\"Porta-Chef 320\"}]},{\"@type\":\"WebSite\",\"@id\":\"https:\\\/\\\/bulaoutdoor.nl\\\/#website\",\"url\":\"https:\\\/\\\/bulaoutdoor.nl\\\/\",\"name\":\"Bula Outdoor\",\"description\":\"Voor uw buitenhaard, BBQ, tuinfakkel en houtoven\",\"publisher\":{\"@id\":\"https:\\\/\\\/bulaoutdoor.nl\\\/#organization\"},\"potentialAction\":[{\"@type\":\"SearchAction\",\"target\":{\"@type\":\"EntryPoint\",\"urlTemplate\":\"https:\\\/\\\/bulaoutdoor.nl\\\/?s={search_term_string}\"},\"query-input\":{\"@type\":\"PropertyValueSpecification\",\"valueRequired\":true,\"valueName\":\"search_term_string\"}}],\"inLanguage\":\"fr-FR\"},{\"@type\":\"Organization\",\"@id\":\"https:\\\/\\\/bulaoutdoor.nl\\\/#organization\",\"name\":\"Bula Outdoor\",\"url\":\"https:\\\/\\\/bulaoutdoor.nl\\\/\",\"logo\":{\"@type\":\"ImageObject\",\"inLanguage\":\"fr-FR\",\"@id\":\"https:\\\/\\\/bulaoutdoor.nl\\\/#\\\/schema\\\/logo\\\/image\\\/\",\"url\":\"https:\\\/\\\/www.bulaoutdoor.nl\\\/wp-content\\\/uploads\\\/2018\\\/04\\\/bulaoutdoor-logo.png\",\"contentUrl\":\"https:\\\/\\\/www.bulaoutdoor.nl\\\/wp-content\\\/uploads\\\/2018\\\/04\\\/bulaoutdoor-logo.png\",\"width\":324,\"height\":91,\"caption\":\"Bula Outdoor\"},\"image\":{\"@id\":\"https:\\\/\\\/bulaoutdoor.nl\\\/#\\\/schema\\\/logo\\\/image\\\/\"}}]}<\/script>\n<!-- \/ Yoast SEO plugin. -->","yoast_head_json":{"title":"Porta-Chef 320 - Bula Outdoor","robots":{"index":"index","follow":"follow","max-snippet":"max-snippet:-1","max-image-preview":"max-image-preview:large","max-video-preview":"max-video-preview:-1"},"canonical":"https:\/\/bulaoutdoor.nl\/fr\/produit\/porta-chef-320\/","og_locale":"fr_FR","og_type":"article","og_title":"Porta-Chef 320 &#8211; Bula Outdoor","og_description":"De compacte Porta-Chef van Broil King is ideaal om je Broil King bijvoorbeeld mee te nemen naar de camping of het park.","og_url":"https:\/\/bulaoutdoor.nl\/fr\/produit\/porta-chef-320\/","og_site_name":"Bula Outdoor","article_modified_time":"2025-05-19T13:52:53+00:00","og_image":[{"width":842,"height":842,"url":"https:\/\/bulaoutdoor.nl\/wp-content\/uploads\/2021\/11\/BK_Porta-Chef-320_Front_01.png","type":"image\/png"}],"twitter_card":"summary_large_image","twitter_misc":{"Dur\u00e9e de lecture estim\u00e9e":"4 minutes"},"schema":{"@context":"https:\/\/schema.org","@graph":[{"@type":"WebPage","@id":"https:\/\/bulaoutdoor.nl\/product\/porta-chef-320\/","url":"https:\/\/bulaoutdoor.nl\/product\/porta-chef-320\/","name":"Porta-Chef 320 - Bula Outdoor","isPartOf":{"@id":"https:\/\/bulaoutdoor.nl\/#website"},"primaryImageOfPage":{"@id":"https:\/\/bulaoutdoor.nl\/product\/porta-chef-320\/#primaryimage"},"image":{"@id":"https:\/\/bulaoutdoor.nl\/product\/porta-chef-320\/#primaryimage"},"thumbnailUrl":"https:\/\/bulaoutdoor.nl\/wp-content\/uploads\/2021\/11\/BK_Porta-Chef-320_Front_01.png","datePublished":"2021-11-18T16:21:03+00:00","dateModified":"2025-05-19T13:52:53+00:00","breadcrumb":{"@id":"https:\/\/bulaoutdoor.nl\/product\/porta-chef-320\/#breadcrumb"},"inLanguage":"fr-FR","potentialAction":[{"@type":"ReadAction","target":["https:\/\/bulaoutdoor.nl\/product\/porta-chef-320\/"]}]},{"@type":"ImageObject","inLanguage":"fr-FR","@id":"https:\/\/bulaoutdoor.nl\/product\/porta-chef-320\/#primaryimage","url":"https:\/\/bulaoutdoor.nl\/wp-content\/uploads\/2021\/11\/BK_Porta-Chef-320_Front_01.png","contentUrl":"https:\/\/bulaoutdoor.nl\/wp-content\/uploads\/2021\/11\/BK_Porta-Chef-320_Front_01.png","width":842,"height":842,"caption":"product zelf"},{"@type":"BreadcrumbList","@id":"https:\/\/bulaoutdoor.nl\/product\/porta-chef-320\/#breadcrumb","itemListElement":[{"@type":"ListItem","position":1,"name":"Home","item":"https:\/\/bulaoutdoor.nl\/"},{"@type":"ListItem","position":2,"name":"Online BBQ kopen","item":"https:\/\/bulaoutdoor.nl\/"},{"@type":"ListItem","position":3,"name":"Porta-Chef 320"}]},{"@type":"WebSite","@id":"https:\/\/bulaoutdoor.nl\/#website","url":"https:\/\/bulaoutdoor.nl\/","name":"Bula Outdoor","description":"Pour votre chemin\u00e9e ext\u00e9rieure, votre barbecue, votre torche de jardin et votre four \u00e0 bois","publisher":{"@id":"https:\/\/bulaoutdoor.nl\/#organization"},"potentialAction":[{"@type":"SearchAction","target":{"@type":"EntryPoint","urlTemplate":"https:\/\/bulaoutdoor.nl\/?s={search_term_string}"},"query-input":{"@type":"PropertyValueSpecification","valueRequired":true,"valueName":"search_term_string"}}],"inLanguage":"fr-FR"},{"@type":"Organization","@id":"https:\/\/bulaoutdoor.nl\/#organization","name":"Bula Outdoor","url":"https:\/\/bulaoutdoor.nl\/","logo":{"@type":"ImageObject","inLanguage":"fr-FR","@id":"https:\/\/bulaoutdoor.nl\/#\/schema\/logo\/image\/","url":"https:\/\/www.bulaoutdoor.nl\/wp-content\/uploads\/2018\/04\/bulaoutdoor-logo.png","contentUrl":"https:\/\/www.bulaoutdoor.nl\/wp-content\/uploads\/2018\/04\/bulaoutdoor-logo.png","width":324,"height":91,"caption":"Bula Outdoor"},"image":{"@id":"https:\/\/bulaoutdoor.nl\/#\/schema\/logo\/image\/"}}]}},"jetpack_sharing_enabled":true,"_links":{"self":[{"href":"https:\/\/bulaoutdoor.nl\/fr\/wp-json\/wp\/v2\/product\/12707","targetHints":{"allow":["GET"]}}],"collection":[{"href":"https:\/\/bulaoutdoor.nl\/fr\/wp-json\/wp\/v2\/product"}],"about":[{"href":"https:\/\/bulaoutdoor.nl\/fr\/wp-json\/wp\/v2\/types\/product"}],"replies":[{"embeddable":true,"href":"https:\/\/bulaoutdoor.nl\/fr\/wp-json\/wp\/v2\/comments?post=12707"}],"wp:featuredmedia":[{"embeddable":true,"href":"https:\/\/bulaoutdoor.nl\/fr\/wp-json\/wp\/v2\/media\/12708"}],"wp:attachment":[{"href":"https:\/\/bulaoutdoor.nl\/fr\/wp-json\/wp\/v2\/media?parent=12707"}],"wp:term":[{"taxonomy":"product_brand","embeddable":true,"href":"https:\/\/bulaoutdoor.nl\/fr\/wp-json\/wp\/v2\/product_brand?post=12707"},{"taxonomy":"product_cat","embeddable":true,"href":"https:\/\/bulaoutdoor.nl\/fr\/wp-json\/wp\/v2\/product_cat?post=12707"},{"taxonomy":"product_tag","embeddable":true,"href":"https:\/\/bulaoutdoor.nl\/fr\/wp-json\/wp\/v2\/product_tag?post=12707"}],"curies":[{"name":"wp","href":"https:\/\/api.w.org\/{rel}","templated":true}]}}