{"id":14861,"date":"2022-11-05T11:50:35","date_gmt":"2022-11-05T11:50:35","guid":{"rendered":"https:\/\/www.bulaoutdoor.nl\/?post_type=product&#038;p=14861"},"modified":"2026-02-06T14:05:33","modified_gmt":"2026-02-06T14:05:33","slug":"climatiseur-ecofan-i","status":"publish","type":"product","link":"https:\/\/bulaoutdoor.nl\/fr\/product\/ecofan-airdeco-i\/","title":{"rendered":"Ecofan Airdeco I"},"content":{"rendered":"<h2>Ecofan\u00ae AirDeco<\/h2>\n<p>pousse l'air chaud du po\u00eale dans la pi\u00e8ce, ce qui permet une meilleure circulation de l'air. La chaleur se propage plus rapidement et mieux dans la pi\u00e8ce. Vous \u00e9conomisez ainsi sur vos frais de chauffage et b\u00e9n\u00e9ficiez d'un plus grand confort. Alors que l'air chaud monte normalement et vous donne froid aux pieds, le ventilateur veille \u00e0 ce que l'air chaud redescende. Le mouvement d'air est d'autant plus important et rapide que le mod\u00e8le choisi est grand.<\/p>\n<p>L'Ecofan\u00ae est silencieux et fonctionne sans piles. Sorti de son emballage, l'Ecofan\u00ae est imm\u00e9diatement pr\u00eat \u00e0 l'emploi. Veillez \u00e0 placer correctement l'Ecofan\u00ae, car le ventilateur doit pouvoir attirer l'air froid pour assurer le refroidissement n\u00e9cessaire. Ne placez jamais l'Ecofan\u00ae devant le tuyau du po\u00eale.<\/p>\n<p><img loading=\"lazy\" decoding=\"async\" class=\"alignnone size-medium wp-image-14863\" src=\"https:\/\/www.bulaoutdoor.nl\/wp-content\/uploads\/2022\/11\/Ecofan-Bula-286x300.jpg\" alt=\"\" width=\"286\" height=\"300\" srcset=\"https:\/\/bulaoutdoor.nl\/wp-content\/uploads\/2022\/11\/Ecofan-Bula-286x300.jpg 286w, https:\/\/bulaoutdoor.nl\/wp-content\/uploads\/2022\/11\/Ecofan-Bula-416x437.jpg 416w, https:\/\/bulaoutdoor.nl\/wp-content\/uploads\/2022\/11\/Ecofan-Bula.jpg 457w\" sizes=\"auto, (max-width: 286px) 100vw, 286px\" \/><\/p>\n<p>sp\u00e9cifications Caframo Ecofan\u00ae type AirDeco I :<br \/>\nD\u00e9bit d'air jusqu'\u00e0 272 m3\/heure<br \/>\nTemp\u00e9rature de fonctionnement 66\u00b0C - 345\u00b0C<br \/>\nPas d'\u00e9lectricit\u00e9 n\u00e9cessaire<br \/>\nGarantie de 4 ans<br \/>\nDesign prim\u00e9<br \/>\nDimensions : 6,60 (l) x 10,3 (l) x 22,3 (h)<br \/>\nMarque CE sur la vitesse du ventilateur<br \/>\nLabel de s\u00e9curit\u00e9 CE sur les lames (coins arrondis)<br \/>\nQualit\u00e9 originale, fabriqu\u00e9 au Canada<\/p>\n<p>Visitez Bula Outdoor \u00e0 Bussum et voyez l'Ecofan en magasin.<\/p>","protected":false},"excerpt":{"rendered":"<p>L'Ecofan\u00ae type AirDeco I est adapt\u00e9 aux po\u00eales \u00e0 bois et \u00e0 gaz dont la temp\u00e9rature de surface est d'au moins 66\u00b0C. Plus la temp\u00e9rature est \u00e9lev\u00e9e, plus l'h\u00e9lice tourne rapidement et jusqu'\u00e0 un d\u00e9bit d'air de 272 m3\/heure.<\/p>","protected":false},"featured_media":14860,"comment_status":"open","ping_status":"closed","template":"","meta":{"_acf_changed":false},"product_brand":[],"product_cat":[1066],"product_tag":[1071,1067,1070,1069,1068],"class_list":{"0":"post-14861","1":"product","2":"type-product","3":"status-publish","4":"has-post-thumbnail","6":"product_cat-ecofan","7":"product_tag-airdeco","8":"product_tag-ecofan","9":"product_tag-houtkachel","10":"product_tag-kachel","11":"product_tag-kachelfan","13":"first","14":"instock","15":"sale","16":"taxable","17":"shipping-taxable","18":"purchasable","19":"product-type-simple"},"acf":[],"yoast_head":"<!-- This site is optimized with the Yoast SEO plugin v27.5 - https:\/\/yoast.com\/product\/yoast-seo-wordpress\/ -->\n<title>Ecofan Airdeco I &#8211; Bula Outdoor<\/title>\n<meta name=\"robots\" content=\"index, follow, max-snippet:-1, max-image-preview:large, max-video-preview:-1\" \/>\n<link rel=\"canonical\" href=\"https:\/\/bulaoutdoor.nl\/fr\/produit\/climatiseur-ecofan-i\/\" \/>\n<meta property=\"og:locale\" content=\"fr_FR\" \/>\n<meta property=\"og:type\" content=\"article\" \/>\n<meta property=\"og:title\" content=\"Ecofan Airdeco I &#8211; Bula Outdoor\" \/>\n<meta property=\"og:description\" content=\"De Ecofan\u00ae type AirDeco I is geschikt voor een hout- en gaskachels met een oppervlakte temperatuur van tenminste 66\u00b0C. Hoe hoger de temperatuur hoe sneller de propeller gaat draaien en tot een luchtverplaatsing van 272 m3\/uur.\" \/>\n<meta property=\"og:url\" content=\"https:\/\/bulaoutdoor.nl\/fr\/produit\/climatiseur-ecofan-i\/\" \/>\n<meta property=\"og:site_name\" content=\"Bula Outdoor\" \/>\n<meta property=\"article:modified_time\" content=\"2026-02-06T14:05:33+00:00\" \/>\n<meta property=\"og:image\" content=\"https:\/\/bulaoutdoor.nl\/wp-content\/uploads\/2022\/11\/Ecofan-Bula-Outdoor.jpg\" \/>\n\t<meta property=\"og:image:width\" content=\"672\" \/>\n\t<meta property=\"og:image:height\" content=\"672\" \/>\n\t<meta property=\"og:image:type\" content=\"image\/jpeg\" \/>\n<meta name=\"twitter:card\" content=\"summary_large_image\" \/>\n<meta name=\"twitter:label1\" content=\"Dur\u00e9e de lecture estim\u00e9e\" \/>\n\t<meta name=\"twitter:data1\" content=\"2 minutes\" \/>\n<script type=\"application\/ld+json\" class=\"yoast-schema-graph\">{\"@context\":\"https:\\\/\\\/schema.org\",\"@graph\":[{\"@type\":\"WebPage\",\"@id\":\"https:\\\/\\\/bulaoutdoor.nl\\\/product\\\/ecofan-airdeco-i\\\/\",\"url\":\"https:\\\/\\\/bulaoutdoor.nl\\\/product\\\/ecofan-airdeco-i\\\/\",\"name\":\"Ecofan Airdeco I &#8211; Bula Outdoor\",\"isPartOf\":{\"@id\":\"https:\\\/\\\/bulaoutdoor.nl\\\/#website\"},\"primaryImageOfPage\":{\"@id\":\"https:\\\/\\\/bulaoutdoor.nl\\\/product\\\/ecofan-airdeco-i\\\/#primaryimage\"},\"image\":{\"@id\":\"https:\\\/\\\/bulaoutdoor.nl\\\/product\\\/ecofan-airdeco-i\\\/#primaryimage\"},\"thumbnailUrl\":\"https:\\\/\\\/bulaoutdoor.nl\\\/wp-content\\\/uploads\\\/2022\\\/11\\\/Ecofan-Bula-Outdoor.jpg\",\"datePublished\":\"2022-11-05T11:50:35+00:00\",\"dateModified\":\"2026-02-06T14:05:33+00:00\",\"breadcrumb\":{\"@id\":\"https:\\\/\\\/bulaoutdoor.nl\\\/product\\\/ecofan-airdeco-i\\\/#breadcrumb\"},\"inLanguage\":\"fr-FR\",\"potentialAction\":[{\"@type\":\"ReadAction\",\"target\":[\"https:\\\/\\\/bulaoutdoor.nl\\\/product\\\/ecofan-airdeco-i\\\/\"]}]},{\"@type\":\"ImageObject\",\"inLanguage\":\"fr-FR\",\"@id\":\"https:\\\/\\\/bulaoutdoor.nl\\\/product\\\/ecofan-airdeco-i\\\/#primaryimage\",\"url\":\"https:\\\/\\\/bulaoutdoor.nl\\\/wp-content\\\/uploads\\\/2022\\\/11\\\/Ecofan-Bula-Outdoor.jpg\",\"contentUrl\":\"https:\\\/\\\/bulaoutdoor.nl\\\/wp-content\\\/uploads\\\/2022\\\/11\\\/Ecofan-Bula-Outdoor.jpg\",\"width\":672,\"height\":672,\"caption\":\"Ecofan\"},{\"@type\":\"BreadcrumbList\",\"@id\":\"https:\\\/\\\/bulaoutdoor.nl\\\/product\\\/ecofan-airdeco-i\\\/#breadcrumb\",\"itemListElement\":[{\"@type\":\"ListItem\",\"position\":1,\"name\":\"Home\",\"item\":\"https:\\\/\\\/bulaoutdoor.nl\\\/\"},{\"@type\":\"ListItem\",\"position\":2,\"name\":\"Online BBQ kopen\",\"item\":\"https:\\\/\\\/bulaoutdoor.nl\\\/\"},{\"@type\":\"ListItem\",\"position\":3,\"name\":\"Ecofan Airdeco I\"}]},{\"@type\":\"WebSite\",\"@id\":\"https:\\\/\\\/bulaoutdoor.nl\\\/#website\",\"url\":\"https:\\\/\\\/bulaoutdoor.nl\\\/\",\"name\":\"Bula Outdoor\",\"description\":\"Voor uw buitenhaard, BBQ, tuinfakkel en houtoven\",\"publisher\":{\"@id\":\"https:\\\/\\\/bulaoutdoor.nl\\\/#organization\"},\"potentialAction\":[{\"@type\":\"SearchAction\",\"target\":{\"@type\":\"EntryPoint\",\"urlTemplate\":\"https:\\\/\\\/bulaoutdoor.nl\\\/?s={search_term_string}\"},\"query-input\":{\"@type\":\"PropertyValueSpecification\",\"valueRequired\":true,\"valueName\":\"search_term_string\"}}],\"inLanguage\":\"fr-FR\"},{\"@type\":\"Organization\",\"@id\":\"https:\\\/\\\/bulaoutdoor.nl\\\/#organization\",\"name\":\"Bula Outdoor\",\"url\":\"https:\\\/\\\/bulaoutdoor.nl\\\/\",\"logo\":{\"@type\":\"ImageObject\",\"inLanguage\":\"fr-FR\",\"@id\":\"https:\\\/\\\/bulaoutdoor.nl\\\/#\\\/schema\\\/logo\\\/image\\\/\",\"url\":\"https:\\\/\\\/www.bulaoutdoor.nl\\\/wp-content\\\/uploads\\\/2018\\\/04\\\/bulaoutdoor-logo.png\",\"contentUrl\":\"https:\\\/\\\/www.bulaoutdoor.nl\\\/wp-content\\\/uploads\\\/2018\\\/04\\\/bulaoutdoor-logo.png\",\"width\":324,\"height\":91,\"caption\":\"Bula Outdoor\"},\"image\":{\"@id\":\"https:\\\/\\\/bulaoutdoor.nl\\\/#\\\/schema\\\/logo\\\/image\\\/\"}}]}<\/script>\n<!-- \/ Yoast SEO plugin. -->","yoast_head_json":{"title":"Ecofan Airdeco I - Bula Outdoor","robots":{"index":"index","follow":"follow","max-snippet":"max-snippet:-1","max-image-preview":"max-image-preview:large","max-video-preview":"max-video-preview:-1"},"canonical":"https:\/\/bulaoutdoor.nl\/fr\/produit\/climatiseur-ecofan-i\/","og_locale":"fr_FR","og_type":"article","og_title":"Ecofan Airdeco I &#8211; Bula Outdoor","og_description":"De Ecofan\u00ae type AirDeco I is geschikt voor een hout- en gaskachels met een oppervlakte temperatuur van tenminste 66\u00b0C. Hoe hoger de temperatuur hoe sneller de propeller gaat draaien en tot een luchtverplaatsing van 272 m3\/uur.","og_url":"https:\/\/bulaoutdoor.nl\/fr\/produit\/climatiseur-ecofan-i\/","og_site_name":"Bula Outdoor","article_modified_time":"2026-02-06T14:05:33+00:00","og_image":[{"width":672,"height":672,"url":"https:\/\/bulaoutdoor.nl\/wp-content\/uploads\/2022\/11\/Ecofan-Bula-Outdoor.jpg","type":"image\/jpeg"}],"twitter_card":"summary_large_image","twitter_misc":{"Dur\u00e9e de lecture estim\u00e9e":"2 minutes"},"schema":{"@context":"https:\/\/schema.org","@graph":[{"@type":"WebPage","@id":"https:\/\/bulaoutdoor.nl\/product\/ecofan-airdeco-i\/","url":"https:\/\/bulaoutdoor.nl\/product\/ecofan-airdeco-i\/","name":"Ecofan Airdeco I - Bula Outdoor","isPartOf":{"@id":"https:\/\/bulaoutdoor.nl\/#website"},"primaryImageOfPage":{"@id":"https:\/\/bulaoutdoor.nl\/product\/ecofan-airdeco-i\/#primaryimage"},"image":{"@id":"https:\/\/bulaoutdoor.nl\/product\/ecofan-airdeco-i\/#primaryimage"},"thumbnailUrl":"https:\/\/bulaoutdoor.nl\/wp-content\/uploads\/2022\/11\/Ecofan-Bula-Outdoor.jpg","datePublished":"2022-11-05T11:50:35+00:00","dateModified":"2026-02-06T14:05:33+00:00","breadcrumb":{"@id":"https:\/\/bulaoutdoor.nl\/product\/ecofan-airdeco-i\/#breadcrumb"},"inLanguage":"fr-FR","potentialAction":[{"@type":"ReadAction","target":["https:\/\/bulaoutdoor.nl\/product\/ecofan-airdeco-i\/"]}]},{"@type":"ImageObject","inLanguage":"fr-FR","@id":"https:\/\/bulaoutdoor.nl\/product\/ecofan-airdeco-i\/#primaryimage","url":"https:\/\/bulaoutdoor.nl\/wp-content\/uploads\/2022\/11\/Ecofan-Bula-Outdoor.jpg","contentUrl":"https:\/\/bulaoutdoor.nl\/wp-content\/uploads\/2022\/11\/Ecofan-Bula-Outdoor.jpg","width":672,"height":672,"caption":"Ecofan"},{"@type":"BreadcrumbList","@id":"https:\/\/bulaoutdoor.nl\/product\/ecofan-airdeco-i\/#breadcrumb","itemListElement":[{"@type":"ListItem","position":1,"name":"Home","item":"https:\/\/bulaoutdoor.nl\/"},{"@type":"ListItem","position":2,"name":"Online BBQ kopen","item":"https:\/\/bulaoutdoor.nl\/"},{"@type":"ListItem","position":3,"name":"Ecofan Airdeco I"}]},{"@type":"WebSite","@id":"https:\/\/bulaoutdoor.nl\/#website","url":"https:\/\/bulaoutdoor.nl\/","name":"Bula Outdoor","description":"Pour votre chemin\u00e9e ext\u00e9rieure, votre barbecue, votre torche de jardin et votre four \u00e0 bois","publisher":{"@id":"https:\/\/bulaoutdoor.nl\/#organization"},"potentialAction":[{"@type":"SearchAction","target":{"@type":"EntryPoint","urlTemplate":"https:\/\/bulaoutdoor.nl\/?s={search_term_string}"},"query-input":{"@type":"PropertyValueSpecification","valueRequired":true,"valueName":"search_term_string"}}],"inLanguage":"fr-FR"},{"@type":"Organization","@id":"https:\/\/bulaoutdoor.nl\/#organization","name":"Bula Outdoor","url":"https:\/\/bulaoutdoor.nl\/","logo":{"@type":"ImageObject","inLanguage":"fr-FR","@id":"https:\/\/bulaoutdoor.nl\/#\/schema\/logo\/image\/","url":"https:\/\/www.bulaoutdoor.nl\/wp-content\/uploads\/2018\/04\/bulaoutdoor-logo.png","contentUrl":"https:\/\/www.bulaoutdoor.nl\/wp-content\/uploads\/2018\/04\/bulaoutdoor-logo.png","width":324,"height":91,"caption":"Bula Outdoor"},"image":{"@id":"https:\/\/bulaoutdoor.nl\/#\/schema\/logo\/image\/"}}]}},"jetpack_sharing_enabled":true,"_links":{"self":[{"href":"https:\/\/bulaoutdoor.nl\/fr\/wp-json\/wp\/v2\/product\/14861","targetHints":{"allow":["GET"]}}],"collection":[{"href":"https:\/\/bulaoutdoor.nl\/fr\/wp-json\/wp\/v2\/product"}],"about":[{"href":"https:\/\/bulaoutdoor.nl\/fr\/wp-json\/wp\/v2\/types\/product"}],"replies":[{"embeddable":true,"href":"https:\/\/bulaoutdoor.nl\/fr\/wp-json\/wp\/v2\/comments?post=14861"}],"wp:featuredmedia":[{"embeddable":true,"href":"https:\/\/bulaoutdoor.nl\/fr\/wp-json\/wp\/v2\/media\/14860"}],"wp:attachment":[{"href":"https:\/\/bulaoutdoor.nl\/fr\/wp-json\/wp\/v2\/media?parent=14861"}],"wp:term":[{"taxonomy":"product_brand","embeddable":true,"href":"https:\/\/bulaoutdoor.nl\/fr\/wp-json\/wp\/v2\/product_brand?post=14861"},{"taxonomy":"product_cat","embeddable":true,"href":"https:\/\/bulaoutdoor.nl\/fr\/wp-json\/wp\/v2\/product_cat?post=14861"},{"taxonomy":"product_tag","embeddable":true,"href":"https:\/\/bulaoutdoor.nl\/fr\/wp-json\/wp\/v2\/product_tag?post=14861"}],"curies":[{"name":"wp","href":"https:\/\/api.w.org\/{rel}","templated":true}]}}