{"id":16289,"date":"2018-10-04T07:17:27","date_gmt":"2018-10-04T07:17:27","guid":{"rendered":"https:\/\/www.bulaoutdoor.nl\/product\/jydepejsen-cubic-215\/"},"modified":"2026-04-27T04:59:01","modified_gmt":"2026-04-27T04:59:01","slug":"jydepejsen-cubique-215-2","status":"publish","type":"product","link":"https:\/\/bulaoutdoor.nl\/fr\/product\/jydepejsen-cubic-215\/","title":{"rendered":"Jydepejsen Cubic 215"},"content":{"rendered":"<h2>Jydepejsen Cubic 215<\/h2>\n<p>Le Cubic 215 de <a href=\"https:\/\/www.haveverwarming.nl\/jydepejsen\" target=\"_blank\" rel=\"noopener\">Jydepejsen<\/a> est un mod\u00e8le minimaliste et moderne <a href=\"https:\/\/www.haveverwarming.nl\/kachels\/hout\" target=\"_blank\" rel=\"noopener\">po\u00eale \u00e0 bois<\/a>. Ce mod\u00e8le \u00e9pur\u00e9 aux lignes droites s'int\u00e8gre dans de nombreux int\u00e9rieurs. La s\u00e9rie Cubic a \u00e9t\u00e9 con\u00e7ue par Anders N\u00f8rgaard, dont l'objectif \u00e9tait de cr\u00e9er un po\u00eale \u00e0 bois attrayant et fonctionnel. La s\u00e9rie s'int\u00e8gre dans de nombreux int\u00e9rieurs, du po\u00eale discret au po\u00eale haut et large, qui peut \u00eatre pos\u00e9 ou fix\u00e9 au mur.&nbsp;<\/p>\n<h3 class=\"p1\">Con\u00e7u avec style<\/h3>\n<p class=\"p1\">La s\u00e9rie Cubic a \u00e9t\u00e9 con\u00e7ue par Anders N\u00f8rgaard. Il s'agit d'un designer de meubles renomm\u00e9 en Europe, qui a d\u00e9j\u00e0 re\u00e7u plusieurs prix de design et a \u00e9t\u00e9 d\u00e9sign\u00e9 comme l'un des cinq meilleurs designers du Danemark par le magazine Bo Bedre. L'\u00e9tude de la s\u00e9rie Cubic a permis de concevoir un meuble attrayant et fonctionnel. Apr\u00e8s un an et demi de travail concentr\u00e9, cette s\u00e9rie remarquable a vu le jour.<\/p>\n<h3>D\u00e9couvrez la chaleur des po\u00eales \u00e0 bois Jydepejsen<\/h3>\n<p>Venez au <a href=\"https:\/\/www.haveverwarming.nl\/experiencecenter\" target=\"_blank\" rel=\"noopener\">Centre d'exp\u00e9rience<\/a> de HAV\u00c9 Heating et admirez les po\u00eales \u00e0 bois Jydepejsen.<\/p>\n<p>T\u00e9l\u00e9chargements de produits<\/p>\n<ul>\n<li><a class=\"download file\" href=\"https:\/\/www.haveverwarming.nl\/amfile\/file\/download\/file\/9157\/product\/1009\/\" target=\"_blank\"><span>Brochure Jydepejsen<\/span><\/a><\/li>\n<li><a class=\"download file\" href=\"https:\/\/www.haveverwarming.nl\/amfile\/file\/download\/file\/1394\/product\/1009\/\" target=\"_blank\"><span>\u00c9tiquette \u00e9nerg\u00e9tique Cubic <\/span><\/a><\/li>\n<li><a class=\"download file\" href=\"https:\/\/www.haveverwarming.nl\/amfile\/file\/download\/file\/6531\/product\/1009\/\" target=\"_blank\"><span>Brochure sur le tir responsable<\/span><\/a><\/li>\n<li><a class=\"download file\" href=\"https:\/\/www.haveverwarming.nl\/amfile\/file\/download\/file\/7318\/product\/1009\/\" target=\"_blank\"><span>Manuel Jydepejsen Cubic (EN)<\/span><\/a><\/li>\n<li><a class=\"download file\" href=\"https:\/\/www.haveverwarming.nl\/amfile\/file\/download\/file\/7320\/product\/1009\/\" target=\"_blank\"><span>Cubique 215 Dessin au trait<\/span><\/a><\/li>\n<li><a class=\"download file\" href=\"https:\/\/www.haveverwarming.nl\/productpdf\/download\/file\/id\/1009\/name\/Jydepejsen_Cubic_215.pdf\/\" target=\"_blank\"><span>T\u00e9l\u00e9charger la fiche technique<\/span><\/a><\/li>\n<\/ul>","protected":false},"excerpt":{"rendered":"<p>Jydepejsen Cubic 215 De Cubic 215 van Jydepejsen is een minimalistische en moderne houtkachel. Dit strakke model met zijn rechte lijnen past in veel interieurs. De Cubic-serie werd door Anders N\u00f8rgaard ontworpen, die het doel nastreefde, een in de smaak vallend en functionele houtkachel te ontwerpen. De serie past in vele interieurs; van discrete kachel [&hellip;]<\/p>\n","protected":false},"featured_media":16290,"comment_status":"open","ping_status":"closed","template":"","meta":{"_acf_changed":false},"product_brand":[],"product_cat":[1092],"product_tag":[],"class_list":{"0":"post-16289","1":"product","2":"type-product","3":"status-publish","4":"has-post-thumbnail","6":"product_cat-vrijstaande-houtkachels","8":"first","9":"instock","10":"taxable","11":"shipping-taxable","12":"purchasable","13":"product-type-simple"},"acf":[],"yoast_head":"<!-- This site is optimized with the Yoast SEO plugin v27.5 - https:\/\/yoast.com\/product\/yoast-seo-wordpress\/ -->\n<title>Jydepejsen Cubic 215 &#8211; Bula Outdoor<\/title>\n<meta name=\"robots\" content=\"index, follow, max-snippet:-1, max-image-preview:large, max-video-preview:-1\" \/>\n<link rel=\"canonical\" href=\"https:\/\/bulaoutdoor.nl\/fr\/produit\/jydepejsen-cubique-215-2\/\" \/>\n<meta property=\"og:locale\" content=\"fr_FR\" \/>\n<meta property=\"og:type\" content=\"article\" \/>\n<meta property=\"og:title\" content=\"Jydepejsen Cubic 215 &#8211; Bula Outdoor\" \/>\n<meta property=\"og:description\" content=\"Jydepejsen Cubic 215 De Cubic 215 van Jydepejsen is een minimalistische en moderne houtkachel. Dit strakke model met zijn rechte lijnen past in veel interieurs. De Cubic-serie werd door Anders N\u00f8rgaard ontworpen, die het doel nastreefde, een in de smaak vallend en functionele houtkachel te ontwerpen. De serie past in vele interieurs; van discrete kachel [&hellip;]\" \/>\n<meta property=\"og:url\" content=\"https:\/\/bulaoutdoor.nl\/fr\/produit\/jydepejsen-cubique-215-2\/\" \/>\n<meta property=\"og:site_name\" content=\"Bula Outdoor\" \/>\n<meta property=\"article:modified_time\" content=\"2026-04-27T04:59:01+00:00\" \/>\n<meta property=\"og:image\" content=\"https:\/\/bulaoutdoor.nl\/wp-content\/uploads\/2018\/10\/cubic215.jpg\" \/>\n\t<meta property=\"og:image:width\" content=\"1000\" \/>\n\t<meta property=\"og:image:height\" content=\"1000\" \/>\n\t<meta property=\"og:image:type\" content=\"image\/jpeg\" \/>\n<meta name=\"twitter:card\" content=\"summary_large_image\" \/>\n<meta name=\"twitter:label1\" content=\"Dur\u00e9e de lecture estim\u00e9e\" \/>\n\t<meta name=\"twitter:data1\" content=\"1 minute\" \/>\n<script type=\"application\/ld+json\" class=\"yoast-schema-graph\">{\"@context\":\"https:\\\/\\\/schema.org\",\"@graph\":[{\"@type\":\"WebPage\",\"@id\":\"https:\\\/\\\/bulaoutdoor.nl\\\/product\\\/jydepejsen-cubic-215\\\/\",\"url\":\"https:\\\/\\\/bulaoutdoor.nl\\\/product\\\/jydepejsen-cubic-215\\\/\",\"name\":\"Jydepejsen Cubic 215 &#8211; Bula Outdoor\",\"isPartOf\":{\"@id\":\"https:\\\/\\\/bulaoutdoor.nl\\\/#website\"},\"primaryImageOfPage\":{\"@id\":\"https:\\\/\\\/bulaoutdoor.nl\\\/product\\\/jydepejsen-cubic-215\\\/#primaryimage\"},\"image\":{\"@id\":\"https:\\\/\\\/bulaoutdoor.nl\\\/product\\\/jydepejsen-cubic-215\\\/#primaryimage\"},\"thumbnailUrl\":\"https:\\\/\\\/bulaoutdoor.nl\\\/wp-content\\\/uploads\\\/2018\\\/10\\\/cubic215.jpg\",\"datePublished\":\"2018-10-04T07:17:27+00:00\",\"dateModified\":\"2026-04-27T04:59:01+00:00\",\"breadcrumb\":{\"@id\":\"https:\\\/\\\/bulaoutdoor.nl\\\/product\\\/jydepejsen-cubic-215\\\/#breadcrumb\"},\"inLanguage\":\"fr-FR\",\"potentialAction\":[{\"@type\":\"ReadAction\",\"target\":[\"https:\\\/\\\/bulaoutdoor.nl\\\/product\\\/jydepejsen-cubic-215\\\/\"]}]},{\"@type\":\"ImageObject\",\"inLanguage\":\"fr-FR\",\"@id\":\"https:\\\/\\\/bulaoutdoor.nl\\\/product\\\/jydepejsen-cubic-215\\\/#primaryimage\",\"url\":\"https:\\\/\\\/bulaoutdoor.nl\\\/wp-content\\\/uploads\\\/2018\\\/10\\\/cubic215.jpg\",\"contentUrl\":\"https:\\\/\\\/bulaoutdoor.nl\\\/wp-content\\\/uploads\\\/2018\\\/10\\\/cubic215.jpg\",\"width\":1000,\"height\":1000,\"caption\":\"jydepejsen-cubic-215-thumbnail\"},{\"@type\":\"BreadcrumbList\",\"@id\":\"https:\\\/\\\/bulaoutdoor.nl\\\/product\\\/jydepejsen-cubic-215\\\/#breadcrumb\",\"itemListElement\":[{\"@type\":\"ListItem\",\"position\":1,\"name\":\"Home\",\"item\":\"https:\\\/\\\/bulaoutdoor.nl\\\/\"},{\"@type\":\"ListItem\",\"position\":2,\"name\":\"Online BBQ kopen\",\"item\":\"https:\\\/\\\/bulaoutdoor.nl\\\/\"},{\"@type\":\"ListItem\",\"position\":3,\"name\":\"Jydepejsen Cubic 215\"}]},{\"@type\":\"WebSite\",\"@id\":\"https:\\\/\\\/bulaoutdoor.nl\\\/#website\",\"url\":\"https:\\\/\\\/bulaoutdoor.nl\\\/\",\"name\":\"Bula Outdoor\",\"description\":\"Voor uw buitenhaard, BBQ, tuinfakkel en houtoven\",\"publisher\":{\"@id\":\"https:\\\/\\\/bulaoutdoor.nl\\\/#organization\"},\"potentialAction\":[{\"@type\":\"SearchAction\",\"target\":{\"@type\":\"EntryPoint\",\"urlTemplate\":\"https:\\\/\\\/bulaoutdoor.nl\\\/?s={search_term_string}\"},\"query-input\":{\"@type\":\"PropertyValueSpecification\",\"valueRequired\":true,\"valueName\":\"search_term_string\"}}],\"inLanguage\":\"fr-FR\"},{\"@type\":\"Organization\",\"@id\":\"https:\\\/\\\/bulaoutdoor.nl\\\/#organization\",\"name\":\"Bula Outdoor\",\"url\":\"https:\\\/\\\/bulaoutdoor.nl\\\/\",\"logo\":{\"@type\":\"ImageObject\",\"inLanguage\":\"fr-FR\",\"@id\":\"https:\\\/\\\/bulaoutdoor.nl\\\/#\\\/schema\\\/logo\\\/image\\\/\",\"url\":\"https:\\\/\\\/www.bulaoutdoor.nl\\\/wp-content\\\/uploads\\\/2018\\\/04\\\/bulaoutdoor-logo.png\",\"contentUrl\":\"https:\\\/\\\/www.bulaoutdoor.nl\\\/wp-content\\\/uploads\\\/2018\\\/04\\\/bulaoutdoor-logo.png\",\"width\":324,\"height\":91,\"caption\":\"Bula Outdoor\"},\"image\":{\"@id\":\"https:\\\/\\\/bulaoutdoor.nl\\\/#\\\/schema\\\/logo\\\/image\\\/\"}}]}<\/script>\n<!-- \/ Yoast SEO plugin. -->","yoast_head_json":{"title":"Jydepejsen Cubic 215 - Bula Outdoor","robots":{"index":"index","follow":"follow","max-snippet":"max-snippet:-1","max-image-preview":"max-image-preview:large","max-video-preview":"max-video-preview:-1"},"canonical":"https:\/\/bulaoutdoor.nl\/fr\/produit\/jydepejsen-cubique-215-2\/","og_locale":"fr_FR","og_type":"article","og_title":"Jydepejsen Cubic 215 &#8211; Bula Outdoor","og_description":"Jydepejsen Cubic 215 De Cubic 215 van Jydepejsen is een minimalistische en moderne houtkachel. Dit strakke model met zijn rechte lijnen past in veel interieurs. De Cubic-serie werd door Anders N\u00f8rgaard ontworpen, die het doel nastreefde, een in de smaak vallend en functionele houtkachel te ontwerpen. De serie past in vele interieurs; van discrete kachel [&hellip;]","og_url":"https:\/\/bulaoutdoor.nl\/fr\/produit\/jydepejsen-cubique-215-2\/","og_site_name":"Bula Outdoor","article_modified_time":"2026-04-27T04:59:01+00:00","og_image":[{"width":1000,"height":1000,"url":"https:\/\/bulaoutdoor.nl\/wp-content\/uploads\/2018\/10\/cubic215.jpg","type":"image\/jpeg"}],"twitter_card":"summary_large_image","twitter_misc":{"Dur\u00e9e de lecture estim\u00e9e":"1 minute"},"schema":{"@context":"https:\/\/schema.org","@graph":[{"@type":"WebPage","@id":"https:\/\/bulaoutdoor.nl\/product\/jydepejsen-cubic-215\/","url":"https:\/\/bulaoutdoor.nl\/product\/jydepejsen-cubic-215\/","name":"Jydepejsen Cubic 215 - Bula Outdoor","isPartOf":{"@id":"https:\/\/bulaoutdoor.nl\/#website"},"primaryImageOfPage":{"@id":"https:\/\/bulaoutdoor.nl\/product\/jydepejsen-cubic-215\/#primaryimage"},"image":{"@id":"https:\/\/bulaoutdoor.nl\/product\/jydepejsen-cubic-215\/#primaryimage"},"thumbnailUrl":"https:\/\/bulaoutdoor.nl\/wp-content\/uploads\/2018\/10\/cubic215.jpg","datePublished":"2018-10-04T07:17:27+00:00","dateModified":"2026-04-27T04:59:01+00:00","breadcrumb":{"@id":"https:\/\/bulaoutdoor.nl\/product\/jydepejsen-cubic-215\/#breadcrumb"},"inLanguage":"fr-FR","potentialAction":[{"@type":"ReadAction","target":["https:\/\/bulaoutdoor.nl\/product\/jydepejsen-cubic-215\/"]}]},{"@type":"ImageObject","inLanguage":"fr-FR","@id":"https:\/\/bulaoutdoor.nl\/product\/jydepejsen-cubic-215\/#primaryimage","url":"https:\/\/bulaoutdoor.nl\/wp-content\/uploads\/2018\/10\/cubic215.jpg","contentUrl":"https:\/\/bulaoutdoor.nl\/wp-content\/uploads\/2018\/10\/cubic215.jpg","width":1000,"height":1000,"caption":"jydepejsen-cubic-215-thumbnail"},{"@type":"BreadcrumbList","@id":"https:\/\/bulaoutdoor.nl\/product\/jydepejsen-cubic-215\/#breadcrumb","itemListElement":[{"@type":"ListItem","position":1,"name":"Home","item":"https:\/\/bulaoutdoor.nl\/"},{"@type":"ListItem","position":2,"name":"Online BBQ kopen","item":"https:\/\/bulaoutdoor.nl\/"},{"@type":"ListItem","position":3,"name":"Jydepejsen Cubic 215"}]},{"@type":"WebSite","@id":"https:\/\/bulaoutdoor.nl\/#website","url":"https:\/\/bulaoutdoor.nl\/","name":"Bula Outdoor","description":"Pour votre chemin\u00e9e ext\u00e9rieure, votre barbecue, votre torche de jardin et votre four \u00e0 bois","publisher":{"@id":"https:\/\/bulaoutdoor.nl\/#organization"},"potentialAction":[{"@type":"SearchAction","target":{"@type":"EntryPoint","urlTemplate":"https:\/\/bulaoutdoor.nl\/?s={search_term_string}"},"query-input":{"@type":"PropertyValueSpecification","valueRequired":true,"valueName":"search_term_string"}}],"inLanguage":"fr-FR"},{"@type":"Organization","@id":"https:\/\/bulaoutdoor.nl\/#organization","name":"Bula Outdoor","url":"https:\/\/bulaoutdoor.nl\/","logo":{"@type":"ImageObject","inLanguage":"fr-FR","@id":"https:\/\/bulaoutdoor.nl\/#\/schema\/logo\/image\/","url":"https:\/\/www.bulaoutdoor.nl\/wp-content\/uploads\/2018\/04\/bulaoutdoor-logo.png","contentUrl":"https:\/\/www.bulaoutdoor.nl\/wp-content\/uploads\/2018\/04\/bulaoutdoor-logo.png","width":324,"height":91,"caption":"Bula Outdoor"},"image":{"@id":"https:\/\/bulaoutdoor.nl\/#\/schema\/logo\/image\/"}}]}},"jetpack_sharing_enabled":true,"_links":{"self":[{"href":"https:\/\/bulaoutdoor.nl\/fr\/wp-json\/wp\/v2\/product\/16289","targetHints":{"allow":["GET"]}}],"collection":[{"href":"https:\/\/bulaoutdoor.nl\/fr\/wp-json\/wp\/v2\/product"}],"about":[{"href":"https:\/\/bulaoutdoor.nl\/fr\/wp-json\/wp\/v2\/types\/product"}],"replies":[{"embeddable":true,"href":"https:\/\/bulaoutdoor.nl\/fr\/wp-json\/wp\/v2\/comments?post=16289"}],"wp:featuredmedia":[{"embeddable":true,"href":"https:\/\/bulaoutdoor.nl\/fr\/wp-json\/wp\/v2\/media\/16290"}],"wp:attachment":[{"href":"https:\/\/bulaoutdoor.nl\/fr\/wp-json\/wp\/v2\/media?parent=16289"}],"wp:term":[{"taxonomy":"product_brand","embeddable":true,"href":"https:\/\/bulaoutdoor.nl\/fr\/wp-json\/wp\/v2\/product_brand?post=16289"},{"taxonomy":"product_cat","embeddable":true,"href":"https:\/\/bulaoutdoor.nl\/fr\/wp-json\/wp\/v2\/product_cat?post=16289"},{"taxonomy":"product_tag","embeddable":true,"href":"https:\/\/bulaoutdoor.nl\/fr\/wp-json\/wp\/v2\/product_tag?post=16289"}],"curies":[{"name":"wp","href":"https:\/\/api.w.org\/{rel}","templated":true}]}}